{"id":28,"date":"2025-02-11T17:02:24","date_gmt":"2025-02-11T16:02:24","guid":{"rendered":"https:\/\/websites.fraunhofer.de\/genai4ffd\/?page_id=28"},"modified":"2025-03-28T15:58:17","modified_gmt":"2025-03-28T14:58:17","slug":"datenschutzerklaerung-2","status":"publish","type":"page","link":"https:\/\/genai4ffd.de\/?page_id=28","title":{"rendered":""},"content":{"rendered":"\t\t<div data-elementor-type=\"wp-page\" data-elementor-id=\"28\" class=\"elementor elementor-28\" data-elementor-post-type=\"page\">\n\t\t\t\t<div class=\"elementor-element elementor-element-25ad443 e-flex e-con-boxed e-con e-parent\" data-id=\"25ad443\" data-element_type=\"container\" data-e-type=\"container\">\n\t\t\t\t\t<div class=\"e-con-inner\">\n\t\t\t\t<div class=\"elementor-element elementor-element-32750e6 elementor-widget elementor-widget-text-editor\" data-id=\"32750e6\" data-element_type=\"widget\" data-e-type=\"widget\" data-widget_type=\"text-editor.default\">\n\t\t\t\t<div class=\"elementor-widget-container\">\n\t\t\t\t\t\t\t\t\t<p><a href=\"https:\/\/genai4ffd.de\/\">&lt; Zur\u00fcck<\/a><\/p>\t\t\t\t\t\t\t\t<\/div>\n\t\t\t\t<\/div>\n\t\t\t\t\t<\/div>\n\t\t\t\t<\/div>\n\t\t<div class=\"elementor-element elementor-element-2f19e79a e-flex e-con-boxed e-con e-parent\" data-id=\"2f19e79a\" data-element_type=\"container\" data-e-type=\"container\">\n\t\t\t\t\t<div class=\"e-con-inner\">\n\t\t\t\t<div class=\"elementor-element elementor-element-116f41c8 elementor-widget elementor-widget-text-editor\" data-id=\"116f41c8\" data-element_type=\"widget\" data-e-type=\"widget\" data-widget_type=\"text-editor.default\">\n\t\t\t\t<div class=\"elementor-widget-container\">\n\t\t\t\t\t\t\t\t\t<h1>Datenschutzerkl\u00e4rung<\/h1>\n<p>\u00a0<\/p>\n<p><!-- \/wp:paragraph --><!-- wp:paragraph --><\/p>\n<p>Im Rahmen der Nutzung dieser Webseite werden personenbezogene Daten von Ihnen durch uns als den f\u00fcr die Datenverarbeitung Verantwortlichen verarbeitet und f\u00fcr die Dauer gespeichert, die zur Erf\u00fcllung der festgelegten Zwecke und gesetzlicher Verpflichtungen erforderlich ist. Im Folgenden informieren wir Sie dar\u00fcber, um welche Daten es sich dabei handelt, auf welche Weise sie verarbeitet werden und welche Rechte Ihnen diesbez\u00fcglich zustehen.<\/p>\n<p><!-- \/wp:paragraph --><!-- wp:paragraph --><\/p>\n<p>Personenbezogene Daten sind gem\u00e4\u00df Art. 4 Nr. 1 Datenschutzgrundverordnung (DSGVO) alle Informationen, die sich auf eine identifizierte oder identifizierbare nat\u00fcrliche Person beziehen.<\/p>\n<p><!-- \/wp:paragraph --><!-- wp:paragraph --><\/p>\n<p><a href=\"https:\/\/websites.fraunhofer.de\/genai4ffd\/?page_id=28#Geltungsbereich\">1 Geltungsbereich<\/a><\/p>\n<p><!-- \/wp:paragraph --><!-- wp:paragraph --><\/p>\n<p><a href=\"https:\/\/websites.fraunhofer.de\/genai4ffd\/?page_id=28#Kontaktdaten\">2 Name und Kontaktdaten des f\u00fcr die Verarbeitung Verantwortlichen sowie des betrieblichen Datenschutzbeauftragten<\/a><\/p>\n<p><!-- \/wp:paragraph --><!-- wp:paragraph --><\/p>\n<p><a href=\"https:\/\/websites.fraunhofer.de\/genai4ffd\/?page_id=28#Verarbeitung\">3 Verarbeitung personenbezogener Daten und Zwecke der Verarbeitung<\/a><\/p>\n<p><!-- \/wp:paragraph --><!-- wp:paragraph --><\/p>\n<p><a href=\"https:\/\/websites.fraunhofer.de\/genai4ffd\/?page_id=28#Weitergabe\">4 Weitergabe von Daten<\/a><\/p>\n<p><!-- \/wp:paragraph --><!-- wp:paragraph --><\/p>\n<p><a href=\"https:\/\/websites.fraunhofer.de\/genai4ffd\/?page_id=28#Betroffenenrechte\">5 Betroffenenrechte<\/a><\/p>\n<p><!-- \/wp:paragraph --><!-- wp:paragraph --><\/p>\n<p><a href=\"https:\/\/websites.fraunhofer.de\/genai4ffd\/?page_id=28#Datensicherheit\">6 Datensicherheit<\/a><\/p>\n<p><!-- \/wp:paragraph --><!-- wp:paragraph --><\/p>\n<p><a href=\"https:\/\/websites.fraunhofer.de\/genai4ffd\/?page_id=28#Aktualit\u00e4t\">7 Aktualit\u00e4t und \u00c4nderung dieser Datenschutzinformation<\/a><\/p>\n<p><!-- \/wp:paragraph --><\/p>\t\t\t\t\t\t\t\t<\/div>\n\t\t\t\t<\/div>\n\t\t\t\t\t<\/div>\n\t\t\t\t<\/div>\n\t\t<div class=\"elementor-element elementor-element-a84a385 e-flex e-con-boxed e-con e-parent\" data-id=\"a84a385\" data-element_type=\"container\" data-e-type=\"container\">\n\t\t\t\t\t<div class=\"e-con-inner\">\n\t\t\t\t<div class=\"elementor-element elementor-element-b6624f6 elementor-widget elementor-widget-text-editor\" data-id=\"b6624f6\" data-element_type=\"widget\" data-e-type=\"widget\" id=\"Geltungsbereich\" data-widget_type=\"text-editor.default\">\n\t\t\t\t<div class=\"elementor-widget-container\">\n\t\t\t\t\t\t\t\t\t<h2 id=\"Geltungsbereich\" class=\"wp-block-heading\"><a>1 Geltungsbereich<\/a><\/h2>\n<p>Diese Datenschutzinformation gilt f\u00fcr die Datenverarbeitung des Projektes sowie aller im Zusammenhang mit dem Projekt angebotenen Dienste als Webdienst oder als mobile App (zur besseren Lesbarkeit im Folgenden: Webseite), sofern jeweils auf diese Datenschutzinformation verwiesen wird. Verantwortlicher ist:<\/p>\t\t\t\t\t\t\t\t<\/div>\n\t\t\t\t<\/div>\n\t\t\t\t\t<\/div>\n\t\t\t\t<\/div>\n\t\t<div class=\"elementor-element elementor-element-c0c68f2 e-flex e-con-boxed e-con e-parent\" data-id=\"c0c68f2\" data-element_type=\"container\" data-e-type=\"container\">\n\t\t\t\t\t<div class=\"e-con-inner\">\n\t\t\t\t<div class=\"elementor-element elementor-element-d05591e elementor-widget elementor-widget-text-editor\" data-id=\"d05591e\" data-element_type=\"widget\" data-e-type=\"widget\" id=\"Kontaktdaten\" data-widget_type=\"text-editor.default\">\n\t\t\t\t<div class=\"elementor-widget-container\">\n\t\t\t\t\t\t\t\t\t<h2 class=\"wp-block-heading\"><a>2 Name und Kontaktdaten des f\u00fcr die Verarbeitung Verantwortlichen sowie des betrieblichen Datenschutzbeauftragten<\/a><\/h2>\n<p>Fraunhofer-Gesellschaft<br \/>zur F\u00f6rderung der angewandten Forschung e.V.<\/p>\n<p>Hansastra\u00dfe 27 c<br \/>80686 M\u00fcnchen<\/p>\n<p>f\u00fcr ihr<br \/>Fraunhofer-Institut f\u00fcr Fabrikbetrieb und -automatisierung IFF<\/p>\n<p>Sandtorstra\u00dfe 22<br \/>39106 Magdeburg, Deutschland<\/p>\n<p>(im Folgenden\u00a0<strong>Fraunhofer-IFF<\/strong>)<\/p>\n<p>E-Mail:<\/p>\n<p><a href=\"mailto:ideen(at)iff.fraunhofer.de\">ideen(at)iff.fraunhofer.de<\/a><\/p>\n<p>Telefon:<br \/>+49 391 4090-0<\/p>\n<p>Fax:<br \/>+49 391 4090-596<\/p>\n<p>Der Datenschutzbeauftragte von Fraunhofer ist unter der o.g. Anschrift in M\u00fcnchen, zu Hd. Datenschutzbeauftragter bzw. unter\u00a0<a href=\"mailto:datenschutz@zv.fraunhofer.de\">datenschutz@zv.fraunhofer.de<\/a>\u00a0erreichbar. Sie k\u00f6nnen sich jederzeit bei Fragen zum Datenschutzrecht oder Ihren Betroffenenrechten direkt an unseren Datenschutzbeauftragten wenden.<\/p>\t\t\t\t\t\t\t\t<\/div>\n\t\t\t\t<\/div>\n\t\t\t\t\t<\/div>\n\t\t\t\t<\/div>\n\t\t<div class=\"elementor-element elementor-element-aa5eabf e-flex e-con-boxed e-con e-parent\" data-id=\"aa5eabf\" data-element_type=\"container\" data-e-type=\"container\">\n\t\t\t\t\t<div class=\"e-con-inner\">\n\t\t\t\t<div class=\"elementor-element elementor-element-41245cd elementor-widget elementor-widget-text-editor\" data-id=\"41245cd\" data-element_type=\"widget\" data-e-type=\"widget\" id=\"Verarbeitung\" data-widget_type=\"text-editor.default\">\n\t\t\t\t<div class=\"elementor-widget-container\">\n\t\t\t\t\t\t\t\t\t<h2 class=\"wp-block-heading\"><a>3 Verarbeitung personenbezogener Daten und Zwecke der Verarbeitung<\/a><\/h2>\n<h3 class=\"wp-block-heading\">Beim Besuch der Webseite<\/h3>\n<p>Sie k\u00f6nnen unsere Webseite aufrufen, ohne Angaben zu Ihrer Identit\u00e4t preisgeben zu m\u00fcssen. Der auf Ihrem Endger\u00e4t eingesetzte Browser sendet lediglich automatisch Informationen an den Server unserer Webseite (z.B. Browsertyp und -version, Datum und Uhrzeit des Zugriffs), um einen Verbindungsaufbau der Webseite zu erm\u00f6glichen. Hierzu geh\u00f6rt auch die IP-Adresse Ihres anfragenden Endger\u00e4tes. Diese wird tempor\u00e4r in einem sog. Logfile gespeichert und sp\u00e4testens nach 30 Tagen gel\u00f6scht.<\/p>\n<p>Die Verarbeitung der IP-Adresse erfolgt zu technischen und administrativen Zwecken des Verbindungsaufbaus und \u2013stabilit\u00e4t, um die Sicherheit und Funktionsf\u00e4higkeit unserer Webseite zu gew\u00e4hrleisten und etwaige rechtswidrige Angriffe hierauf notfalls verfolgen zu k\u00f6nnen.<\/p>\n<p>Die Rechtsgrundlage f\u00fcr die Verarbeitung der IP-Adresse ist Art. 6 Abs. 1 S. 1 lit. f DSGVO. Unser berechtigtes Interesse folgt aus dem erw\u00e4hnten Sicherheitsinteresse und der Erforderlichkeit einer st\u00f6rungsfreien Bereitstellung unserer Webseite.<\/p>\n<p>Aus der Verarbeitung der IP-Adresse und anderer Information in dem Logfile k\u00f6nnen wir keine unmittelbaren R\u00fcckschl\u00fcsse auf Ihre Identit\u00e4t ziehen.<\/p>\n<p>Dar\u00fcber hinaus setzen wir beim Besuch unserer Website Cookies sowie Analysedienste ein. N\u00e4here Erl\u00e4uterungen dazu erhalten Sie in dieser Datenschutzinformation weiter unten.<\/p>\t\t\t\t\t\t\t\t<\/div>\n\t\t\t\t<\/div>\n\t\t\t\t\t<\/div>\n\t\t\t\t<\/div>\n\t\t<div class=\"elementor-element elementor-element-544df12 e-flex e-con-boxed e-con e-parent\" data-id=\"544df12\" data-element_type=\"container\" data-e-type=\"container\">\n\t\t\t\t\t<div class=\"e-con-inner\">\n\t\t\t\t<div class=\"elementor-element elementor-element-b80b64d elementor-widget elementor-widget-text-editor\" data-id=\"b80b64d\" data-element_type=\"widget\" data-e-type=\"widget\" id=\"Weitergabe\" data-widget_type=\"text-editor.default\">\n\t\t\t\t<div class=\"elementor-widget-container\">\n\t\t\t\t\t\t\t\t\t<h2 class=\"wp-block-heading\"><a>4 Weitergabe von Daten<\/a><\/h2>\n<p>Sofern wir personenbezogene Daten, die wir \u00fcber die Webseite erheben, an Auftragsverarbeiter weitergeben, informieren wir Sie dar\u00fcber in dieser Datenschutzinfomation bei dem jeweiligen Datenverarbeitungsvorgang unter Nennung des konkreten Empf\u00e4ngers.<\/p>\n<p>Im \u00dcbrigen geben wir Ihre personenbezogenen Daten nur weiter, wenn<\/p>\n<ul>\n<li>Sie gem. Art. 6 Abs. 1 S. 1 lit. a DSGVO Ihre ausdr\u00fcckliche Einwilligung dazu erteilt haben;<\/li>\n<li>dies gem. Art. 6 Abs. 1 S. 1 lit. b DSGVO f\u00fcr die Erf\u00fcllung eines Vertrages mit Ihnen erforderlich ist (zum Beispiel bei Weitergabe an Versandunternehmen zum Zwecke der Lieferung der von Ihnen bestellten Ware oder bei Weitergabe von Zahlungsdaten an Zahlungsdienstleister oder Kreditinstitute, um einen Zahlungsvorgang durchzuf\u00fchren);<\/li>\n<li>f\u00fcr die Weitergabe nach Art. 6 Abs. 1 S. 1 lit. c DSGVO eine gesetzliche Verpflichtung besteht.<\/li>\n<\/ul>\n<p>Die weitergegebenen Daten d\u00fcrfen von den\u00a0Empf\u00e4ngern ausschlie\u00dflich zu den genannten Zwecken verwendet werden.<\/p>\t\t\t\t\t\t\t\t<\/div>\n\t\t\t\t<\/div>\n\t\t\t\t\t<\/div>\n\t\t\t\t<\/div>\n\t\t<div class=\"elementor-element elementor-element-1f3e08b e-flex e-con-boxed e-con e-parent\" data-id=\"1f3e08b\" data-element_type=\"container\" data-e-type=\"container\">\n\t\t\t\t\t<div class=\"e-con-inner\">\n\t\t\t\t<div class=\"elementor-element elementor-element-c1679c4 elementor-widget elementor-widget-text-editor\" data-id=\"c1679c4\" data-element_type=\"widget\" data-e-type=\"widget\" id=\"Betroffenenrechte\" data-widget_type=\"text-editor.default\">\n\t\t\t\t<div class=\"elementor-widget-container\">\n\t\t\t\t\t\t\t\t\t<h2 class=\"wp-block-heading\"><a>5 Betroffenenrechte<\/a><\/h2>\n<p>Sie haben das Recht:<\/p>\n<p>\u2022\u00a0\u00a0 \u00a0gem\u00e4\u00df Art. 7 Abs. 3 DSGVO Ihre einmal erteilte Einwilligung jederzeit gegen\u00fcber uns zu widerrufen. Dies hat zur Folge, dass wir die Datenverarbeitung, die auf dieser Einwilligung beruhte, f\u00fcr die Zukunft nicht mehr fortf\u00fchren d\u00fcrfen;<br \/>\u2022\u00a0\u00a0 \u00a0gem\u00e4\u00df Art. 15 DSGVO Auskunft \u00fcber Ihre von uns verarbeiteten personenbezogenen Daten zu verlangen. Insbesondere k\u00f6nnen Sie Auskunft \u00fcber die Verarbeitungszwecke, die Kategorie der personenbezogenen Daten, die Kategorien von Empf\u00e4ngern, gegen\u00fcber denen Ihre Daten offengelegt wurden oder werden, die geplante Speicherdauer, das Bestehen eines Rechts auf Berichtigung, L\u00f6schung, Einschr\u00e4nkung der Verarbeitung oder Widerspruch, das Bestehen eines Beschwerderechts, die Herkunft ihrer Daten, sofern diese nicht bei uns erhoben wurden, sowie \u00fcber das Bestehen einer automatisierten Entscheidungsfindung einschlie\u00dflich Profiling und ggf. aussagekr\u00e4ftigen Informationen zu deren Einzelheiten verlangen;<br \/>\u2022\u00a0\u00a0 \u00a0gem\u00e4\u00df Art. 16 DSGVO unverz\u00fcglich die Berichtigung unrichtiger oder Vervollst\u00e4ndigung Ihrer bei uns gespeicherten personenbezogenen Daten zu verlangen;<br \/>\u2022\u00a0\u00a0 \u00a0gem\u00e4\u00df Art. 17 DSGVO die L\u00f6schung Ihrer bei uns gespeicherten personenbezogenen Daten zu verlangen, soweit nicht die Verarbeitung zur Aus\u00fcbung des Rechts auf freie Meinungs\u00e4u\u00dferung und Information, zur Erf\u00fcllung einer rechtlichen Verpflichtung, aus Gr\u00fcnden des \u00f6ffentlichen Interesses oder zur Geltendmachung, Aus\u00fcbung oder Verteidigung von Rechtsanspr\u00fcchen erforderlich ist;<br \/>\u2022\u00a0\u00a0 \u00a0gem\u00e4\u00df Art. 18 DSGVO die Einschr\u00e4nkung der Verarbeitung Ihrer personenbezogenen Daten zu verlangen, soweit die Richtigkeit der Daten von Ihnen bestritten wird, die Verarbeitung unrechtm\u00e4\u00dfig ist, Sie aber deren L\u00f6schung ablehnen und wir die Daten nicht mehr ben\u00f6tigen, Sie jedoch diese zur Geltendmachung, Aus\u00fcbung oder Verteidigung von Rechtsanspr\u00fcchen ben\u00f6tigen oder Sie gem\u00e4\u00df Art. 21 DSGVO Widerspruch gegen die Verarbeitung eingelegt haben;<br \/>\u2022\u00a0\u00a0 gem\u00e4\u00df Art. 20 DSGVO Ihre personenbezogenen Daten, die Sie uns bereitgestellt haben, in einem strukturierten, g\u00e4ngigen und maschinenlesebaren Format zu erhalten oder die \u00dcbermittlung an einen anderen Verantwortlichen zu verlangen und<br \/>\u2022\u00a0\u00a0 \u00a0gem\u00e4\u00df Art. 77 DSGVO sich bei einer Aufsichtsbeh\u00f6rde zu beschweren. In der Regel k\u00f6nnen Sie sich hierf\u00fcr an die Aufsichtsbeh\u00f6rde ihres \u00fcblichen Aufenthaltsortes oder Arbeitsplatzes oder unseres Vereinssitzes wenden.<\/p>\n<p><strong>Information \u00fcber Ihr Widerspruchsrecht nach Art. 21 DSGVO<\/strong><\/p>\n<p>Sie haben das Recht, aus Gr\u00fcnden, die sich aus Ihrer besonderen Situation ergeben, jederzeit gegen die Verarbeitung Sie betreffender personenbezogener Daten, die aufgrund von Artikel 6 Abs. 1 S. 1 lit. e DSGVO (Datenverarbeitung im \u00f6ffentlichen Interesse) und Artikel 6 Abs. 1 S. 1 lit. f DSGVO (Datenverarbeitung auf der Grundlage einer Interessenabw\u00e4gung) erfolgt, Widerspruch einzulegen; dies gilt auch f\u00fcr ein auf diese Bestimmung gest\u00fctztes Profiling von Artikel 4 Nr. 4 DSGVO.<\/p>\n<p>Legen Sie Widerspruch ein, werden wir Ihre personenbezogenen Daten nicht mehr verarbeiten, es sei denn, wir k\u00f6nnen zwingende schutzw\u00fcrdige Gr\u00fcnde f\u00fcr die Verarbeitung nachweisen, die Ihre Interessen, Rechte und Freiheiten \u00fcberwiegen, oder die Verarbeitung dient der Geltendmachung, Aus\u00fcbung oder Verteidigung von Rechtsanspr\u00fcchen.<\/p>\n<p>Sofern sich Ihr Widerspruch gegen eine Verarbeitung von Daten zum Zwecke der Direktwerbung richtet, so werden wir die Verarbeitung umgehend einstellen. In diesem Fall ist die Angabe einer besonderen Situation nicht erforderlich. Dies gilt auch f\u00fcr das Profiling, soweit es mit solcher Direktwerbung in Verbindung steht.<\/p>\n<p>M\u00f6chten Sie von Ihrem Widerspruchsrecht Gebrauch machen, gen\u00fcgt eine E-Mail an\u00a0<a href=\"mailto:datenschutz@zv.fraunhofer.de\">datenschutzkoordination@zv.fraunhofer.de<\/a>.<\/p>\t\t\t\t\t\t\t\t<\/div>\n\t\t\t\t<\/div>\n\t\t\t\t\t<\/div>\n\t\t\t\t<\/div>\n\t\t<div class=\"elementor-element elementor-element-c44a6b7 e-flex e-con-boxed e-con e-parent\" data-id=\"c44a6b7\" data-element_type=\"container\" data-e-type=\"container\">\n\t\t\t\t\t<div class=\"e-con-inner\">\n\t\t\t\t<div class=\"elementor-element elementor-element-c29839a elementor-widget elementor-widget-text-editor\" data-id=\"c29839a\" data-element_type=\"widget\" data-e-type=\"widget\" id=\"Datensicherheit\" data-widget_type=\"text-editor.default\">\n\t\t\t\t<div class=\"elementor-widget-container\">\n\t\t\t\t\t\t\t\t\t<h2 class=\"wp-block-heading\"><a>6 Datensicherheit<\/a><\/h2>\n<p>Alle von Ihnen pers\u00f6nlich \u00fcbermittelten Daten werden mit dem allgemein \u00fcblichen und sicheren Standard TLS (Transport Layer Security) verschl\u00fcsselt \u00fcbertragen. TLS ist ein sicherer und erprobter Standard, der z.B. auch beim Onlinebanking Verwendung findet. Sie erkennen eine sichere TLS-Verbindung unter anderem an dem angeh\u00e4ngten s am http (also https:\/\/..) in der Adressleiste Ihres Browsers oder am Schloss-Symbol im unteren Bereich Ihres Browsers.<\/p>\n<p>Wir bedienen uns im \u00dcbrigen geeigneter technischer und organisatorischer Sicherheitsma\u00dfnahmen, um Ihre Daten gegen zuf\u00e4llige oder vors\u00e4tzliche Manipulationen, teilweisen oder vollst\u00e4ndigen Verlust, Zerst\u00f6rung oder gegen den unbefugten Zugriff Dritter zu sch\u00fctzen. Unsere Sicherheitsma\u00dfnahmen werden entsprechend der technologischen Entwicklung fortlaufend verbessert.<\/p>\t\t\t\t\t\t\t\t<\/div>\n\t\t\t\t<\/div>\n\t\t\t\t\t<\/div>\n\t\t\t\t<\/div>\n\t\t<div class=\"elementor-element elementor-element-f8c527b e-flex e-con-boxed e-con e-parent\" data-id=\"f8c527b\" data-element_type=\"container\" data-e-type=\"container\">\n\t\t\t\t\t<div class=\"e-con-inner\">\n\t\t\t\t<div class=\"elementor-element elementor-element-8f4f735 elementor-widget elementor-widget-text-editor\" data-id=\"8f4f735\" data-element_type=\"widget\" data-e-type=\"widget\" id=\"Aktualit\u00e4t\" data-widget_type=\"text-editor.default\">\n\t\t\t\t<div class=\"elementor-widget-container\">\n\t\t\t\t\t\t\t\t\t<h2 class=\"wp-block-heading\"><a>7 Aktualit\u00e4t und \u00c4nderung dieser Datenschutzinformation<\/a><\/h2>\n<p>Durch die Weiterentwicklung unserer Webseite und Angebote dar\u00fcber oder aufgrund ge\u00e4nderter gesetzlicher bzw. beh\u00f6rdlicher Vorgaben kann es notwendig werden, diese Datenschutzinformation zu \u00e4ndern. Die jeweils aktuelle Datenschutzinformation kann jederzeit auf unserer Webseite von Ihnen abgerufen und ausgedruckt werden.<\/p>\t\t\t\t\t\t\t\t<\/div>\n\t\t\t\t<\/div>\n\t\t\t\t\t<\/div>\n\t\t\t\t<\/div>\n\t\t\t\t<\/div>\n\t\t","protected":false},"excerpt":{"rendered":"<p>&lt; Zur\u00fcck Datenschutzerkl\u00e4rung \u00a0 Im Rahmen der Nutzung dieser Webseite werden personenbezogene Daten von Ihnen durch uns als den f\u00fcr die Datenverarbeitung Verantwortlichen verarbeitet und f\u00fcr die Dauer gespeichert, die zur Erf\u00fcllung der festgelegten Zwecke und gesetzlicher Verpflichtungen erforderlich ist. Im Folgenden informieren wir Sie dar\u00fcber, um welche Daten es sich dabei handelt, auf welche [&hellip;]<\/p>\n","protected":false},"author":1,"featured_media":0,"parent":0,"menu_order":0,"comment_status":"closed","ping_status":"closed","template":"","meta":{"inline_featured_image":false,"footnotes":""},"class_list":["post-28","page","type-page","status-publish","hentry"],"_links":{"self":[{"href":"https:\/\/genai4ffd.de\/index.php?rest_route=\/wp\/v2\/pages\/28","targetHints":{"allow":["GET"]}}],"collection":[{"href":"https:\/\/genai4ffd.de\/index.php?rest_route=\/wp\/v2\/pages"}],"about":[{"href":"https:\/\/genai4ffd.de\/index.php?rest_route=\/wp\/v2\/types\/page"}],"author":[{"embeddable":true,"href":"https:\/\/genai4ffd.de\/index.php?rest_route=\/wp\/v2\/users\/1"}],"replies":[{"embeddable":true,"href":"https:\/\/genai4ffd.de\/index.php?rest_route=%2Fwp%2Fv2%2Fcomments&post=28"}],"version-history":[{"count":30,"href":"https:\/\/genai4ffd.de\/index.php?rest_route=\/wp\/v2\/pages\/28\/revisions"}],"predecessor-version":[{"id":356,"href":"https:\/\/genai4ffd.de\/index.php?rest_route=\/wp\/v2\/pages\/28\/revisions\/356"}],"wp:attachment":[{"href":"https:\/\/genai4ffd.de\/index.php?rest_route=%2Fwp%2Fv2%2Fmedia&parent=28"}],"curies":[{"name":"wp","href":"https:\/\/api.w.org\/{rel}","templated":true}]}}